{"id":13,"date":"2020-08-25T14:04:36","date_gmt":"2020-08-25T14:04:36","guid":{"rendered":"http:\/\/labelleepoque.fr\/?page_id=13"},"modified":"2024-10-16T09:28:25","modified_gmt":"2024-10-16T09:28:25","slug":"horaires","status":"publish","type":"page","link":"http:\/\/labelleepoque.fr\/?page_id=13","title":{"rendered":"Horaires"},"content":{"rendered":"<div class=\"wp-block-image is-style-rounded\">\n<figure class=\"alignleft size-large is-resized\"><img loading=\"lazy\" decoding=\"async\" width=\"550\" height=\"530\" src=\"http:\/\/labelleepoque.fr\/wp-content\/uploads\/2020\/08\/Icone-horaire.png\" alt=\"\" class=\"wp-image-74\" style=\"width:157px;height:150px\" srcset=\"http:\/\/labelleepoque.fr\/wp-content\/uploads\/2020\/08\/Icone-horaire.png 550w, http:\/\/labelleepoque.fr\/wp-content\/uploads\/2020\/08\/Icone-horaire-300x289.png 300w\" sizes=\"auto, (max-width: 550px) 100vw, 550px\" \/><\/figure>\n<\/div>\n\n\n<table style=\"width:50%\">\n    \n    <tbody><tr>\n    <th colspan=\"1\"><\/th>\n    <th colspan=\"1\" align=\"center\">SECRETARIAT<\/th>\n    <th colspan=\"1\" align=\"center\">CONDUITE<\/th>\n  <\/tr>\n  <tr>\n    <td>Lundi:<\/td>\n    <td>Ferm\u00e9<\/td>\n    <td>14h00-19h00<\/td>\n  <\/tr>\n  <tr>\n    <td>Mardi:<\/td>\n    <td>14h00 \u00e0 18h00<\/td>\n    <td> 09h00-19h00<\/td>\n  <\/tr>\n  <tr>\n    <td>Mecredi:<\/td>\n    <td>14h00 \u00e0 18h00<\/td>\n    <td> 09h00-19h00<\/td>\n  <\/tr>\n  <tr>\n    <td>Jeudi:<\/td>\n    <td>14h00 \u00e0 18h00<\/td>\n    <td> 09h00-19h00<\/td>\n  <\/tr>\n  <tr>\n    <td>Vendredi:<\/td>\n    <td>14h00 \u00e0 18h00<\/td>\n    <td> 09h00-19h00<\/td>\n  <\/tr>\n   <tr>\n    <td>Samedi:<\/td>\n    <td>13h00-16h00<\/td>\n    <td> 08h00-16h00<\/td>\n  <\/tr>\n   <tr>\n    <td>Dimanche:<\/td>\n    <td>Ferm\u00e9<\/td>\n    <td>Ferm\u00e9<\/td>\n  <\/tr>\n<\/tbody><\/table>\n\n\n\n<p>Les fermeture exceptionnel les jour f\u00e9ri\u00e9s<\/p>\n","protected":false},"excerpt":{"rendered":"<p>SECRETARIAT CONDUITE Lundi: Ferm\u00e9 14h00-19h00 Mardi: 14h00 \u00e0 18h00 09h00-19h00 Mecredi: 14h00 \u00e0 18h00 09h00-19h00 Jeudi: 14h00 \u00e0 18h00 09h00-19h00 Vendredi: 14h00 \u00e0 18h00 09h00-19h00 Samedi: 13h00-16h00 08h00-16h00 Dimanche: Ferm\u00e9 Ferm\u00e9 Les fermeture exceptionnel les jour f\u00e9ri\u00e9s<\/p>\n","protected":false},"author":1,"featured_media":0,"parent":0,"menu_order":0,"comment_status":"closed","ping_status":"closed","template":"","meta":{"footnotes":""},"class_list":["post-13","page","type-page","status-publish","hentry"],"_links":{"self":[{"href":"http:\/\/labelleepoque.fr\/index.php?rest_route=\/wp\/v2\/pages\/13","targetHints":{"allow":["GET"]}}],"collection":[{"href":"http:\/\/labelleepoque.fr\/index.php?rest_route=\/wp\/v2\/pages"}],"about":[{"href":"http:\/\/labelleepoque.fr\/index.php?rest_route=\/wp\/v2\/types\/page"}],"author":[{"embeddable":true,"href":"http:\/\/labelleepoque.fr\/index.php?rest_route=\/wp\/v2\/users\/1"}],"replies":[{"embeddable":true,"href":"http:\/\/labelleepoque.fr\/index.php?rest_route=%2Fwp%2Fv2%2Fcomments&post=13"}],"version-history":[{"count":32,"href":"http:\/\/labelleepoque.fr\/index.php?rest_route=\/wp\/v2\/pages\/13\/revisions"}],"predecessor-version":[{"id":169,"href":"http:\/\/labelleepoque.fr\/index.php?rest_route=\/wp\/v2\/pages\/13\/revisions\/169"}],"wp:attachment":[{"href":"http:\/\/labelleepoque.fr\/index.php?rest_route=%2Fwp%2Fv2%2Fmedia&parent=13"}],"curies":[{"name":"wp","href":"https:\/\/api.w.org\/{rel}","templated":true}]}}